{"id":163,"date":"2024-04-25T20:56:00","date_gmt":"2024-04-25T18:56:00","guid":{"rendered":"https:\/\/domkiwyszowate.pl\/?page_id=163"},"modified":"2024-07-04T22:00:16","modified_gmt":"2024-07-04T20:00:16","slug":"atrakcje-w-regionie","status":"publish","type":"page","link":"https:\/\/domkinamazurach.com\/index.php\/atrakcje-w-regionie\/","title":{"rendered":"Atrakcje w regionie"},"content":{"rendered":"\t\t<div data-elementor-type=\"wp-page\" data-elementor-id=\"163\" class=\"elementor elementor-163\">\n\t\t\t\t<div class=\"elementor-element elementor-element-d3006c1 animated-fast e-flex e-con-boxed elementor-invisible e-con e-parent\" data-id=\"d3006c1\" data-element_type=\"container\" data-settings=\"{&quot;animation&quot;:&quot;fadeInUp&quot;}\">\n\t\t\t\t\t<div class=\"e-con-inner\">\n\t\t\t\t<div class=\"elementor-element elementor-element-db9559d elementor-widget elementor-widget-spacer\" data-id=\"db9559d\" data-element_type=\"widget\" data-widget_type=\"spacer.default\">\n\t\t\t\t<div class=\"elementor-widget-container\">\n\t\t\t<style>\/*! elementor - v3.21.0 - 24-04-2024 *\/\n.elementor-column .elementor-spacer-inner{height:var(--spacer-size)}.e-con{--container-widget-width:100%}.e-con-inner>.elementor-widget-spacer,.e-con>.elementor-widget-spacer{width:var(--container-widget-width,var(--spacer-size));--align-self:var(--container-widget-align-self,initial);--flex-shrink:0}.e-con-inner>.elementor-widget-spacer>.elementor-widget-container,.e-con>.elementor-widget-spacer>.elementor-widget-container{height:100%;width:100%}.e-con-inner>.elementor-widget-spacer>.elementor-widget-container>.elementor-spacer,.e-con>.elementor-widget-spacer>.elementor-widget-container>.elementor-spacer{height:100%}.e-con-inner>.elementor-widget-spacer>.elementor-widget-container>.elementor-spacer>.elementor-spacer-inner,.e-con>.elementor-widget-spacer>.elementor-widget-container>.elementor-spacer>.elementor-spacer-inner{height:var(--container-widget-height,var(--spacer-size))}.e-con-inner>.elementor-widget-spacer.elementor-widget-empty,.e-con>.elementor-widget-spacer.elementor-widget-empty{position:relative;min-height:22px;min-width:22px}.e-con-inner>.elementor-widget-spacer.elementor-widget-empty .elementor-widget-empty-icon,.e-con>.elementor-widget-spacer.elementor-widget-empty .elementor-widget-empty-icon{position:absolute;top:0;bottom:0;left:0;right:0;margin:auto;padding:0;width:22px;height:22px}<\/style>\t\t<div class=\"elementor-spacer\">\n\t\t\t<div class=\"elementor-spacer-inner\"><\/div>\n\t\t<\/div>\n\t\t\t\t<\/div>\n\t\t\t\t<\/div>\n\t\t\t\t<div class=\"elementor-element elementor-element-76d8913 elementor-widget elementor-widget-heading\" data-id=\"76d8913\" data-element_type=\"widget\" data-widget_type=\"heading.default\">\n\t\t\t\t<div class=\"elementor-widget-container\">\n\t\t\t<style>\/*! elementor - v3.21.0 - 24-04-2024 *\/\n.elementor-heading-title{padding:0;margin:0;line-height:1}.elementor-widget-heading .elementor-heading-title[class*=elementor-size-]>a{color:inherit;font-size:inherit;line-height:inherit}.elementor-widget-heading .elementor-heading-title.elementor-size-small{font-size:15px}.elementor-widget-heading .elementor-heading-title.elementor-size-medium{font-size:19px}.elementor-widget-heading .elementor-heading-title.elementor-size-large{font-size:29px}.elementor-widget-heading .elementor-heading-title.elementor-size-xl{font-size:39px}.elementor-widget-heading .elementor-heading-title.elementor-size-xxl{font-size:59px}<\/style><h3 class=\"elementor-heading-title elementor-size-default\">W pobli\u017cu domk\u00f3w czeka na Pa\u0144stwa wiele atrakcji turystycznych!<\/h3>\t\t<\/div>\n\t\t\t\t<\/div>\n\t\t\t\t\t<\/div>\n\t\t\t\t<\/div>\n\t\t<div class=\"elementor-element elementor-element-fa1cd39 e-flex e-con-boxed e-con e-parent\" data-id=\"fa1cd39\" data-element_type=\"container\">\n\t\t\t\t\t<div class=\"e-con-inner\">\n\t\t<div class=\"elementor-element elementor-element-76bb493 e-con-full e-flex elementor-invisible e-con e-child\" data-id=\"76bb493\" data-element_type=\"container\" data-settings=\"{&quot;animation&quot;:&quot;fadeInUp&quot;}\">\n\t\t\t\t<div class=\"elementor-element elementor-element-baddf02 elementor-widget elementor-widget-spacer\" data-id=\"baddf02\" data-element_type=\"widget\" data-widget_type=\"spacer.default\">\n\t\t\t\t<div class=\"elementor-widget-container\">\n\t\t\t\t\t<div class=\"elementor-spacer\">\n\t\t\t<div class=\"elementor-spacer-inner\"><\/div>\n\t\t<\/div>\n\t\t\t\t<\/div>\n\t\t\t\t<\/div>\n\t\t\t\t<div class=\"elementor-element elementor-element-6e74e7b elementor-widget elementor-widget-heading\" data-id=\"6e74e7b\" data-element_type=\"widget\" data-widget_type=\"heading.default\">\n\t\t\t\t<div class=\"elementor-widget-container\">\n\t\t\t<h4 class=\"elementor-heading-title elementor-size-default\">Twierdza Boyen w Gi\u017cycku<\/h4>\t\t<\/div>\n\t\t\t\t<\/div>\n\t\t\t\t<div class=\"elementor-element elementor-element-2cd943f elementor-widget elementor-widget-text-editor\" data-id=\"2cd943f\" data-element_type=\"widget\" data-widget_type=\"text-editor.default\">\n\t\t\t\t<div class=\"elementor-widget-container\">\n\t\t\t<style>\/*! elementor - v3.21.0 - 24-04-2024 *\/\n.elementor-widget-text-editor.elementor-drop-cap-view-stacked .elementor-drop-cap{background-color:#69727d;color:#fff}.elementor-widget-text-editor.elementor-drop-cap-view-framed .elementor-drop-cap{color:#69727d;border:3px solid;background-color:transparent}.elementor-widget-text-editor:not(.elementor-drop-cap-view-default) .elementor-drop-cap{margin-top:8px}.elementor-widget-text-editor:not(.elementor-drop-cap-view-default) .elementor-drop-cap-letter{width:1em;height:1em}.elementor-widget-text-editor .elementor-drop-cap{float:left;text-align:center;line-height:1;font-size:50px}.elementor-widget-text-editor .elementor-drop-cap-letter{display:inline-block}<\/style>\t\t\t\t<p>Twierdza Boyen to jedna z najwi\u0119kszych atrakcji Gi\u017cycka (r\u00f3wnie\u017c rozmiarem!). To zabytkowy obiekt militarny w kszta\u0142cie gwiazdy, rozci\u0105gaj\u0105cy si\u0119 na powierzchni ok. 100 hektar\u00f3w. Twierdz\u0119 zbudowano w XIX wieku z rozkazu Fryderyka Wilhelma IV, kr\u00f3la Prus, a jej zadaniem mia\u0142a by\u0107 blokada strategicznego przesmyku mi\u0119dzy jeziorami Niegocin i Kisajno. Dzisiaj przesmyk to atrakcja turystyczna i jeden z powod\u00f3w, dla kt\u00f3rego przyje\u017cd\u017camy do Gi\u017cycka. Dawniej mia\u0142 jednak ogromne znaczenie militarne. Zaskoczy\u0142o mnie to, \u017ce w pomimo rozmachu budowli, nigdy nie odby\u0142a si\u0119 tam \u017cadna bitwa. (21 km)<\/p>\t\t\t\t\t\t<\/div>\n\t\t\t\t<\/div>\n\t\t\t\t<div class=\"elementor-element elementor-element-cba729b elementor-widget elementor-widget-spacer\" data-id=\"cba729b\" data-element_type=\"widget\" data-widget_type=\"spacer.default\">\n\t\t\t\t<div class=\"elementor-widget-container\">\n\t\t\t\t\t<div class=\"elementor-spacer\">\n\t\t\t<div class=\"elementor-spacer-inner\"><\/div>\n\t\t<\/div>\n\t\t\t\t<\/div>\n\t\t\t\t<\/div>\n\t\t\t\t<div class=\"elementor-element elementor-element-a4dcfdc elementor-widget elementor-widget-heading\" data-id=\"a4dcfdc\" data-element_type=\"widget\" data-widget_type=\"heading.default\">\n\t\t\t\t<div class=\"elementor-widget-container\">\n\t\t\t<h4 class=\"elementor-heading-title elementor-size-default\">Molo i Ekomarina w Gi\u017cycku<\/h4>\t\t<\/div>\n\t\t\t\t<\/div>\n\t\t\t\t<div class=\"elementor-element elementor-element-0f255ac elementor-widget elementor-widget-text-editor\" data-id=\"0f255ac\" data-element_type=\"widget\" data-widget_type=\"text-editor.default\">\n\t\t\t\t<div class=\"elementor-widget-container\">\n\t\t\t\t\t\t\t<p>Molo na Niegocinie to obowi\u0105zkowy punkt wycieczki podczas wizyty w Gi\u017cycku. Jest to drugi pod wzgl\u0119dem d\u0142ugo\u015bci taki obiekt w Polsce, zaraz po molo w Sopocie (tak przynajmniej chwal\u0105 si\u0119 mieszka\u0144cy Gi\u017cycka). (19 km)<\/p>\t\t\t\t\t\t<\/div>\n\t\t\t\t<\/div>\n\t\t\t\t<div class=\"elementor-element elementor-element-b8f9baf elementor-widget elementor-widget-spacer\" data-id=\"b8f9baf\" data-element_type=\"widget\" data-widget_type=\"spacer.default\">\n\t\t\t\t<div class=\"elementor-widget-container\">\n\t\t\t\t\t<div class=\"elementor-spacer\">\n\t\t\t<div class=\"elementor-spacer-inner\"><\/div>\n\t\t<\/div>\n\t\t\t\t<\/div>\n\t\t\t\t<\/div>\n\t\t<div class=\"elementor-element elementor-element-c87546e e-flex e-con-boxed e-con e-child\" data-id=\"c87546e\" data-element_type=\"container\">\n\t\t\t\t\t<div class=\"e-con-inner\">\n\t\t\t\t<div class=\"elementor-element elementor-element-aefd191 elementor-widget elementor-widget-heading\" data-id=\"aefd191\" data-element_type=\"widget\" data-widget_type=\"heading.default\">\n\t\t\t\t<div class=\"elementor-widget-container\">\n\t\t\t<h4 class=\"elementor-heading-title elementor-size-default\">Rejsy statkiem \u017beglugi Mazurskiej z portu Gi\u017cycko<\/h4>\t\t<\/div>\n\t\t\t\t<\/div>\n\t\t\t\t<div class=\"elementor-element elementor-element-6275084 elementor-widget elementor-widget-text-editor\" data-id=\"6275084\" data-element_type=\"widget\" data-widget_type=\"text-editor.default\">\n\t\t\t\t<div class=\"elementor-widget-container\">\n\t\t\t\t\t\t\t<p>Wyb\u00f3r rejs\u00f3w oferowanych przez \u017beglug\u0119 Mazursk\u0105 jest spory \u2013 od kurs\u00f3w w jedn\u0105 stron\u0119 a\u017c po kilkugodzinne trasy historyczno-przyrodnicze. (19 km)<\/p>\t\t\t\t\t\t<\/div>\n\t\t\t\t<\/div>\n\t\t\t\t<div class=\"elementor-element elementor-element-0d8150f elementor-widget elementor-widget-heading\" data-id=\"0d8150f\" data-element_type=\"widget\" data-widget_type=\"heading.default\">\n\t\t\t\t<div class=\"elementor-widget-container\">\n\t\t\t<p class=\"elementor-heading-title elementor-size-default\"><a href=\"https:\/\/www.zeglugamazurska.com.pl\/\" target=\"_blank\">https:\/\/www.zeglugamazurska.com.pl<\/a><\/p>\t\t<\/div>\n\t\t\t\t<\/div>\n\t\t\t\t<div class=\"elementor-element elementor-element-fd80754 elementor-widget elementor-widget-spacer\" data-id=\"fd80754\" data-element_type=\"widget\" data-widget_type=\"spacer.default\">\n\t\t\t\t<div class=\"elementor-widget-container\">\n\t\t\t\t\t<div class=\"elementor-spacer\">\n\t\t\t<div class=\"elementor-spacer-inner\"><\/div>\n\t\t<\/div>\n\t\t\t\t<\/div>\n\t\t\t\t<\/div>\n\t\t\t\t\t<\/div>\n\t\t\t\t<\/div>\n\t\t<div class=\"elementor-element elementor-element-8557a56 e-flex e-con-boxed e-con e-child\" data-id=\"8557a56\" data-element_type=\"container\">\n\t\t\t\t\t<div class=\"e-con-inner\">\n\t\t\t\t<div class=\"elementor-element elementor-element-1296685 elementor-widget elementor-widget-heading\" data-id=\"1296685\" data-element_type=\"widget\" data-widget_type=\"heading.default\">\n\t\t\t\t<div class=\"elementor-widget-container\">\n\t\t\t<h4 class=\"elementor-heading-title elementor-size-default\">Papugarnia Mazury<\/h4>\t\t<\/div>\n\t\t\t\t<\/div>\n\t\t\t\t<div class=\"elementor-element elementor-element-55edfdf elementor-widget elementor-widget-text-editor\" data-id=\"55edfdf\" data-element_type=\"widget\" data-widget_type=\"text-editor.default\">\n\t\t\t\t<div class=\"elementor-widget-container\">\n\t\t\t\t\t\t\t<p>Papugarnia Mazury wraz z Mini Ogrodem Zoologicznym w Wilkasach to egzotyczne miejsce gdzie mo\u017cna si\u0119 poczu\u0107 wyj\u0105tkowo, a to za spraw\u0105 prawie 80 papug z 25 r\u00f3\u017cnych gatunk\u00f3w oraz oswojonych wiewi\u00f3rek hudsona, kt\u00f3re mo\u017cna karmi\u0107 z r\u0119ki a nawet pog\u0142aska\u0107. . Na terenie funkcjonuje r\u00f3wnie\u017c mini zoo z ma\u0142ymi kurczaczkami, kr\u00f3likami i kaczkami. Spotka\u0107 mo\u017cna tak\u017ce i kolorowe ba\u017canty I g\u0119si garbonose oraz indyki.\u00a0 (24 km)<\/p>\t\t\t\t\t\t<\/div>\n\t\t\t\t<\/div>\n\t\t\t\t\t<\/div>\n\t\t\t\t<\/div>\n\t\t\t\t<\/div>\n\t\t<div class=\"elementor-element elementor-element-a73ae45 e-con-full e-flex elementor-invisible e-con e-child\" data-id=\"a73ae45\" data-element_type=\"container\" data-settings=\"{&quot;animation&quot;:&quot;fadeInUp&quot;,&quot;animation_delay&quot;:20}\">\n\t\t\t\t<div class=\"elementor-element elementor-element-2f71de3 elementor-widget elementor-widget-spacer\" data-id=\"2f71de3\" data-element_type=\"widget\" data-widget_type=\"spacer.default\">\n\t\t\t\t<div class=\"elementor-widget-container\">\n\t\t\t\t\t<div class=\"elementor-spacer\">\n\t\t\t<div class=\"elementor-spacer-inner\"><\/div>\n\t\t<\/div>\n\t\t\t\t<\/div>\n\t\t\t\t<\/div>\n\t\t<div class=\"elementor-element elementor-element-ff38f92 e-flex e-con-boxed e-con e-child\" data-id=\"ff38f92\" data-element_type=\"container\">\n\t\t\t\t\t<div class=\"e-con-inner\">\n\t\t\t\t<div class=\"elementor-element elementor-element-08a7edf elementor-widget elementor-widget-heading\" data-id=\"08a7edf\" data-element_type=\"widget\" data-widget_type=\"heading.default\">\n\t\t\t\t<div class=\"elementor-widget-container\">\n\t\t\t<h4 class=\"elementor-heading-title elementor-size-default\">Boyen Water Park w Gi\u017cycku<\/h4>\t\t<\/div>\n\t\t\t\t<\/div>\n\t\t\t\t<div class=\"elementor-element elementor-element-50a8514 elementor-widget elementor-widget-text-editor\" data-id=\"50a8514\" data-element_type=\"widget\" data-widget_type=\"text-editor.default\">\n\t\t\t\t<div class=\"elementor-widget-container\">\n\t\t\t\t\t\t\t<p>Wodny tor przeszk\u00f3d i wake park (21 km)<\/p>\t\t\t\t\t\t<\/div>\n\t\t\t\t<\/div>\n\t\t\t\t\t<\/div>\n\t\t\t\t<\/div>\n\t\t<div class=\"elementor-element elementor-element-054b698 e-flex e-con-boxed e-con e-child\" data-id=\"054b698\" data-element_type=\"container\">\n\t\t\t\t\t<div class=\"e-con-inner\">\n\t\t\t\t<div class=\"elementor-element elementor-element-d845792 elementor-widget elementor-widget-spacer\" data-id=\"d845792\" data-element_type=\"widget\" data-widget_type=\"spacer.default\">\n\t\t\t\t<div class=\"elementor-widget-container\">\n\t\t\t\t\t<div class=\"elementor-spacer\">\n\t\t\t<div class=\"elementor-spacer-inner\"><\/div>\n\t\t<\/div>\n\t\t\t\t<\/div>\n\t\t\t\t<\/div>\n\t\t\t\t<div class=\"elementor-element elementor-element-e5e08a7 elementor-widget elementor-widget-heading\" data-id=\"e5e08a7\" data-element_type=\"widget\" data-widget_type=\"heading.default\">\n\t\t\t\t<div class=\"elementor-widget-container\">\n\t\t\t<h4 class=\"elementor-heading-title elementor-size-default\">Park linowy w Twierdzy Boyen w Gi\u017cycku <\/h4>\t\t<\/div>\n\t\t\t\t<\/div>\n\t\t\t\t<div class=\"elementor-element elementor-element-0cc0166 elementor-widget elementor-widget-text-editor\" data-id=\"0cc0166\" data-element_type=\"widget\" data-widget_type=\"text-editor.default\">\n\t\t\t\t<div class=\"elementor-widget-container\">\n\t\t\t\t\t\t\t<p>\u00a0(21 km)<\/p>\t\t\t\t\t\t<\/div>\n\t\t\t\t<\/div>\n\t\t\t\t\t<\/div>\n\t\t\t\t<\/div>\n\t\t<div class=\"elementor-element elementor-element-6b15161 e-flex e-con-boxed e-con e-child\" data-id=\"6b15161\" data-element_type=\"container\">\n\t\t\t\t\t<div class=\"e-con-inner\">\n\t\t\t\t<div class=\"elementor-element elementor-element-2578108 elementor-widget elementor-widget-spacer\" data-id=\"2578108\" data-element_type=\"widget\" data-widget_type=\"spacer.default\">\n\t\t\t\t<div class=\"elementor-widget-container\">\n\t\t\t\t\t<div class=\"elementor-spacer\">\n\t\t\t<div class=\"elementor-spacer-inner\"><\/div>\n\t\t<\/div>\n\t\t\t\t<\/div>\n\t\t\t\t<\/div>\n\t\t\t\t<div class=\"elementor-element elementor-element-5ff37a2 elementor-widget elementor-widget-heading\" data-id=\"5ff37a2\" data-element_type=\"widget\" data-widget_type=\"heading.default\">\n\t\t\t\t<div class=\"elementor-widget-container\">\n\t\t\t<h4 class=\"elementor-heading-title elementor-size-default\">Wie\u017ca Ci\u015bnie\u0144 XIX w.\u00a0w Gi\u017cycku<\/h4>\t\t<\/div>\n\t\t\t\t<\/div>\n\t\t\t\t<div class=\"elementor-element elementor-element-d3bdd55 elementor-widget elementor-widget-text-editor\" data-id=\"d3bdd55\" data-element_type=\"widget\" data-widget_type=\"text-editor.default\">\n\t\t\t\t<div class=\"elementor-widget-container\">\n\t\t\t\t\t\t\t<p>\u00a0(20 km)<\/p>\t\t\t\t\t\t<\/div>\n\t\t\t\t<\/div>\n\t\t\t\t\t<\/div>\n\t\t\t\t<\/div>\n\t\t<div class=\"elementor-element elementor-element-d1e2362 e-flex e-con-boxed e-con e-child\" data-id=\"d1e2362\" data-element_type=\"container\">\n\t\t\t\t\t<div class=\"e-con-inner\">\n\t\t\t\t<div class=\"elementor-element elementor-element-dffbdc5 elementor-widget elementor-widget-spacer\" data-id=\"dffbdc5\" data-element_type=\"widget\" data-widget_type=\"spacer.default\">\n\t\t\t\t<div class=\"elementor-widget-container\">\n\t\t\t\t\t<div class=\"elementor-spacer\">\n\t\t\t<div class=\"elementor-spacer-inner\"><\/div>\n\t\t<\/div>\n\t\t\t\t<\/div>\n\t\t\t\t<\/div>\n\t\t\t\t<div class=\"elementor-element elementor-element-629726d elementor-widget elementor-widget-heading\" data-id=\"629726d\" data-element_type=\"widget\" data-widget_type=\"heading.default\">\n\t\t\t\t<div class=\"elementor-widget-container\">\n\t\t\t<h4 class=\"elementor-heading-title elementor-size-default\">Ko\u0142o widokowe w Gi\u017cycku<\/h4>\t\t<\/div>\n\t\t\t\t<\/div>\n\t\t\t\t<div class=\"elementor-element elementor-element-3688bf1 elementor-widget elementor-widget-text-editor\" data-id=\"3688bf1\" data-element_type=\"widget\" data-widget_type=\"text-editor.default\">\n\t\t\t\t<div class=\"elementor-widget-container\">\n\t\t\t\t\t\t\t<p>Nowa gi\u017cycka atrakcja. 34,5 m ko\u0142o widokowe zlokalizowane w Lunaparku Bajka w okolicach Pla\u017cy Miejskiej (20 km)<\/p>\t\t\t\t\t\t<\/div>\n\t\t\t\t<\/div>\n\t\t\t\t\t<\/div>\n\t\t\t\t<\/div>\n\t\t<div class=\"elementor-element elementor-element-b8a2cc3 e-flex e-con-boxed e-con e-child\" data-id=\"b8a2cc3\" data-element_type=\"container\">\n\t\t\t\t\t<div class=\"e-con-inner\">\n\t\t\t\t<div class=\"elementor-element elementor-element-55493b5 elementor-widget elementor-widget-spacer\" data-id=\"55493b5\" data-element_type=\"widget\" data-widget_type=\"spacer.default\">\n\t\t\t\t<div class=\"elementor-widget-container\">\n\t\t\t\t\t<div class=\"elementor-spacer\">\n\t\t\t<div class=\"elementor-spacer-inner\"><\/div>\n\t\t<\/div>\n\t\t\t\t<\/div>\n\t\t\t\t<\/div>\n\t\t\t\t<div class=\"elementor-element elementor-element-337a77b elementor-widget elementor-widget-heading\" data-id=\"337a77b\" data-element_type=\"widget\" data-widget_type=\"heading.default\">\n\t\t\t\t<div class=\"elementor-widget-container\">\n\t\t\t<h4 class=\"elementor-heading-title elementor-size-default\">OKR\u0104G\u0141E RESORT SKI & SAFARI<\/h4>\t\t<\/div>\n\t\t\t\t<\/div>\n\t\t\t\t<div class=\"elementor-element elementor-element-7e6e2e3 elementor-widget elementor-widget-text-editor\" data-id=\"7e6e2e3\" data-element_type=\"widget\" data-widget_type=\"text-editor.default\">\n\t\t\t\t<div class=\"elementor-widget-container\">\n\t\t\t\t\t\t\t<p>Mo\u017cna bezpo\u015brednio zobaczy\u0107 wiele gatunk\u00f3w dzikich zwierz\u0105t. Przeja\u017cd\u017cka specjalnie dostosowanymi samochodami, poprzez ich wybiegi, trwa oko\u0142o 60 minut. (15 km)<\/p>\t\t\t\t\t\t<\/div>\n\t\t\t\t<\/div>\n\t\t\t\t\t<\/div>\n\t\t\t\t<\/div>\n\t\t<div class=\"elementor-element elementor-element-98899b9 e-flex e-con-boxed e-con e-child\" data-id=\"98899b9\" data-element_type=\"container\">\n\t\t\t\t\t<div class=\"e-con-inner\">\n\t\t\t\t<div class=\"elementor-element elementor-element-37fb848 elementor-widget elementor-widget-spacer\" data-id=\"37fb848\" data-element_type=\"widget\" data-widget_type=\"spacer.default\">\n\t\t\t\t<div class=\"elementor-widget-container\">\n\t\t\t\t\t<div class=\"elementor-spacer\">\n\t\t\t<div class=\"elementor-spacer-inner\"><\/div>\n\t\t<\/div>\n\t\t\t\t<\/div>\n\t\t\t\t<\/div>\n\t\t\t\t<div class=\"elementor-element elementor-element-f16a62b elementor-widget elementor-widget-heading\" data-id=\"f16a62b\" data-element_type=\"widget\" data-widget_type=\"heading.default\">\n\t\t\t\t<div class=\"elementor-widget-container\">\n\t\t\t<h4 class=\"elementor-heading-title elementor-size-default\">Lodowisko w Mazurskim Centrum Sport\u00f3w Lodowych w Gi\u017cycku<\/h4>\t\t<\/div>\n\t\t\t\t<\/div>\n\t\t\t\t<div class=\"elementor-element elementor-element-1616efa elementor-widget elementor-widget-text-editor\" data-id=\"1616efa\" data-element_type=\"widget\" data-widget_type=\"text-editor.default\">\n\t\t\t\t<div class=\"elementor-widget-container\">\n\t\t\t\t\t\t\t<p>Czynne r\u00f3wnie\u017c latem (20 km)<\/p>\t\t\t\t\t\t<\/div>\n\t\t\t\t<\/div>\n\t\t\t\t\t<\/div>\n\t\t\t\t<\/div>\n\t\t<div class=\"elementor-element elementor-element-3925785 e-flex e-con-boxed e-con e-child\" data-id=\"3925785\" data-element_type=\"container\">\n\t\t\t\t\t<div class=\"e-con-inner\">\n\t\t\t\t<div class=\"elementor-element elementor-element-0354989 elementor-widget elementor-widget-spacer\" data-id=\"0354989\" data-element_type=\"widget\" data-widget_type=\"spacer.default\">\n\t\t\t\t<div class=\"elementor-widget-container\">\n\t\t\t\t\t<div class=\"elementor-spacer\">\n\t\t\t<div class=\"elementor-spacer-inner\"><\/div>\n\t\t<\/div>\n\t\t\t\t<\/div>\n\t\t\t\t<\/div>\n\t\t\t\t<div class=\"elementor-element elementor-element-cdac87e elementor-widget elementor-widget-heading\" data-id=\"cdac87e\" data-element_type=\"widget\" data-widget_type=\"heading.default\">\n\t\t\t\t<div class=\"elementor-widget-container\">\n\t\t\t<h4 class=\"elementor-heading-title elementor-size-default\">Wilczy Szaniec<\/h4>\t\t<\/div>\n\t\t\t\t<\/div>\n\t\t\t\t<div class=\"elementor-element elementor-element-e274de5 elementor-widget elementor-widget-text-editor\" data-id=\"e274de5\" data-element_type=\"widget\" data-widget_type=\"text-editor.default\">\n\t\t\t\t<div class=\"elementor-widget-container\">\n\t\t\t\t\t\t\t<p>Kwatera Hitlera (53 km)<\/p>\t\t\t\t\t\t<\/div>\n\t\t\t\t<\/div>\n\t\t\t\t\t<\/div>\n\t\t\t\t<\/div>\n\t\t<div class=\"elementor-element elementor-element-e6a7c15 e-flex e-con-boxed e-con e-child\" data-id=\"e6a7c15\" data-element_type=\"container\">\n\t\t\t\t\t<div class=\"e-con-inner\">\n\t\t\t\t<div class=\"elementor-element elementor-element-da1bfd0 elementor-widget elementor-widget-spacer\" data-id=\"da1bfd0\" data-element_type=\"widget\" data-widget_type=\"spacer.default\">\n\t\t\t\t<div class=\"elementor-widget-container\">\n\t\t\t\t\t<div class=\"elementor-spacer\">\n\t\t\t<div class=\"elementor-spacer-inner\"><\/div>\n\t\t<\/div>\n\t\t\t\t<\/div>\n\t\t\t\t<\/div>\n\t\t\t\t<div class=\"elementor-element elementor-element-61f45ab elementor-widget elementor-widget-heading\" data-id=\"61f45ab\" data-element_type=\"widget\" data-widget_type=\"heading.default\">\n\t\t\t\t<div class=\"elementor-widget-container\">\n\t\t\t<h4 class=\"elementor-heading-title elementor-size-default\">Park dzikich zwierz\u0105t w Kadzid\u0142owie<\/h4>\t\t<\/div>\n\t\t\t\t<\/div>\n\t\t\t\t<div class=\"elementor-element elementor-element-d0d61ed elementor-widget elementor-widget-text-editor\" data-id=\"d0d61ed\" data-element_type=\"widget\" data-widget_type=\"text-editor.default\">\n\t\t\t\t<div class=\"elementor-widget-container\">\n\t\t\t\t\t\t\t<p>(45 km)<\/p>\t\t\t\t\t\t<\/div>\n\t\t\t\t<\/div>\n\t\t\t\t\t<\/div>\n\t\t\t\t<\/div>\n\t\t\t\t<\/div>\n\t\t\t\t\t<\/div>\n\t\t\t\t<\/div>\n\t\t<div class=\"elementor-element elementor-element-cffa917 animated-fast e-flex e-con-boxed elementor-invisible e-con e-parent\" data-id=\"cffa917\" data-element_type=\"container\" data-settings=\"{&quot;animation&quot;:&quot;fadeIn&quot;}\">\n\t\t\t\t\t<div class=\"e-con-inner\">\n\t\t<div class=\"elementor-element elementor-element-d96c603 e-flex e-con-boxed e-con e-child\" data-id=\"d96c603\" data-element_type=\"container\">\n\t\t\t\t\t<div class=\"e-con-inner\">\n\t\t\t\t<div class=\"elementor-element elementor-element-4ad6e41 elementor-widget elementor-widget-heading\" data-id=\"4ad6e41\" data-element_type=\"widget\" data-widget_type=\"heading.default\">\n\t\t\t\t<div class=\"elementor-widget-container\">\n\t\t\t<h4 class=\"elementor-heading-title elementor-size-default\">Wiele malowniczych tras rowerowych<\/h4>\t\t<\/div>\n\t\t\t\t<\/div>\n\t\t\t\t<div class=\"elementor-element elementor-element-af207a4 elementor-widget elementor-widget-heading\" data-id=\"af207a4\" data-element_type=\"widget\" data-widget_type=\"heading.default\">\n\t\t\t\t<div class=\"elementor-widget-container\">\n\t\t\t<p class=\"elementor-heading-title elementor-size-default\"><a href=\"https:\/\/www.komoot.com\/pl-pl\/guide\/2594072\/trasy-rowerowe-woko-miek\" target=\"_blank\">https:\/\/www.komoot.com\/pl-pl\/guide\/2594072\/trasy-rowerowe-woko-miek<\/a><\/p>\t\t<\/div>\n\t\t\t\t<\/div>\n\t\t<div class=\"elementor-element elementor-element-a9bf4fe e-flex e-con-boxed e-con e-child\" data-id=\"a9bf4fe\" data-element_type=\"container\">\n\t\t\t\t\t<div class=\"e-con-inner\">\n\t\t\t\t<div class=\"elementor-element elementor-element-e9f82ba elementor-widget elementor-widget-spacer\" data-id=\"e9f82ba\" data-element_type=\"widget\" data-widget_type=\"spacer.default\">\n\t\t\t\t<div class=\"elementor-widget-container\">\n\t\t\t\t\t<div class=\"elementor-spacer\">\n\t\t\t<div class=\"elementor-spacer-inner\"><\/div>\n\t\t<\/div>\n\t\t\t\t<\/div>\n\t\t\t\t<\/div>\n\t\t\t\t<div class=\"elementor-element elementor-element-b1a9c9e elementor-widget elementor-widget-heading\" data-id=\"b1a9c9e\" data-element_type=\"widget\" data-widget_type=\"heading.default\">\n\t\t\t\t<div class=\"elementor-widget-container\">\n\t\t\t<h4 class=\"elementor-heading-title elementor-size-default\">Informacje o koncertach i wydarzeniach kulturalnych w Gi\u017cycku mo\u017cna znale\u017a\u0107 tu:\n<\/h4>\t\t<\/div>\n\t\t\t\t<\/div>\n\t\t\t\t<div class=\"elementor-element elementor-element-96ab179 elementor-widget elementor-widget-heading\" data-id=\"96ab179\" data-element_type=\"widget\" data-widget_type=\"heading.default\">\n\t\t\t\t<div class=\"elementor-widget-container\">\n\t\t\t<p class=\"elementor-heading-title elementor-size-default\"><a href=\"https:\/\/gizycko.pl\/koncerty\/\" target=\"_blank\">https:\/\/gizycko.pl\/koncerty\/<\/a><\/p>\t\t<\/div>\n\t\t\t\t<\/div>\n\t\t\t\t\t<\/div>\n\t\t\t\t<\/div>\n\t\t\t\t\t<\/div>\n\t\t\t\t<\/div>\n\t\t\t\t\t<\/div>\n\t\t\t\t<\/div>\n\t\t\t\t<\/div>\n\t\t","protected":false},"excerpt":{"rendered":"<p>W pobli\u017cu domk\u00f3w czeka na Pa\u0144stwa wiele atrakcji turystycznych! Twierdza Boyen w Gi\u017cycku Twierdza Boyen to jedna z najwi\u0119kszych atrakcji Gi\u017cycka (r\u00f3wnie\u017c rozmiarem!). To zabytkowy obiekt militarny w kszta\u0142cie gwiazdy, rozci\u0105gaj\u0105cy si\u0119 na powierzchni ok. 100 hektar\u00f3w. Twierdz\u0119 zbudowano w XIX wieku z rozkazu Fryderyka Wilhelma IV, kr\u00f3la Prus, a jej zadaniem mia\u0142a by\u0107 blokada [&hellip;]<\/p>\n","protected":false},"author":1,"featured_media":56,"parent":0,"menu_order":0,"comment_status":"closed","ping_status":"closed","template":"template-page-full-width.php","meta":{"footnotes":""},"class_list":["post-163","page","type-page","status-publish","has-post-thumbnail","hentry"],"yoast_head":"<!-- This site is optimized with the Yoast SEO plugin v22.5 - https:\/\/yoast.com\/wordpress\/plugins\/seo\/ -->\n<title>Atrakcje w regionie - Domki na Mazurach<\/title>\n<meta name=\"robots\" content=\"index, follow, max-snippet:-1, max-image-preview:large, max-video-preview:-1\" \/>\n<link rel=\"canonical\" href=\"https:\/\/domkinamazurach.com\/index.php\/atrakcje-w-regionie\/\" \/>\n<meta property=\"og:locale\" content=\"pl_PL\" \/>\n<meta property=\"og:type\" content=\"article\" \/>\n<meta property=\"og:title\" content=\"Atrakcje w regionie - Domki na Mazurach\" \/>\n<meta property=\"og:description\" content=\"W pobli\u017cu domk\u00f3w czeka na Pa\u0144stwa wiele atrakcji turystycznych! Twierdza Boyen w Gi\u017cycku Twierdza Boyen to jedna z najwi\u0119kszych atrakcji Gi\u017cycka (r\u00f3wnie\u017c rozmiarem!). To zabytkowy obiekt militarny w kszta\u0142cie gwiazdy, rozci\u0105gaj\u0105cy si\u0119 na powierzchni ok. 100 hektar\u00f3w. Twierdz\u0119 zbudowano w XIX wieku z rozkazu Fryderyka Wilhelma IV, kr\u00f3la Prus, a jej zadaniem mia\u0142a by\u0107 blokada [&hellip;]\" \/>\n<meta property=\"og:url\" content=\"https:\/\/domkinamazurach.com\/index.php\/atrakcje-w-regionie\/\" \/>\n<meta property=\"og:site_name\" content=\"Domki na Mazurach\" \/>\n<meta property=\"article:modified_time\" content=\"2024-07-04T20:00:16+00:00\" \/>\n<meta property=\"og:image\" content=\"https:\/\/domkinamazurach.com\/wp-content\/uploads\/2024\/04\/IMG_3721.jpeg\" \/>\n\t<meta property=\"og:image:width\" content=\"2048\" \/>\n\t<meta property=\"og:image:height\" content=\"1536\" \/>\n\t<meta property=\"og:image:type\" content=\"image\/jpeg\" \/>\n<meta name=\"twitter:card\" content=\"summary_large_image\" \/>\n<meta name=\"twitter:label1\" content=\"Szacowany czas czytania\" \/>\n\t<meta name=\"twitter:data1\" content=\"3 minuty\" \/>\n<script type=\"application\/ld+json\" class=\"yoast-schema-graph\">{\"@context\":\"https:\/\/schema.org\",\"@graph\":[{\"@type\":\"WebPage\",\"@id\":\"https:\/\/domkinamazurach.com\/index.php\/atrakcje-w-regionie\/\",\"url\":\"https:\/\/domkinamazurach.com\/index.php\/atrakcje-w-regionie\/\",\"name\":\"Atrakcje w regionie - Domki na Mazurach\",\"isPartOf\":{\"@id\":\"https:\/\/domkinamazurach.com\/#website\"},\"primaryImageOfPage\":{\"@id\":\"https:\/\/domkinamazurach.com\/index.php\/atrakcje-w-regionie\/#primaryimage\"},\"image\":{\"@id\":\"https:\/\/domkinamazurach.com\/index.php\/atrakcje-w-regionie\/#primaryimage\"},\"thumbnailUrl\":\"https:\/\/domkinamazurach.com\/wp-content\/uploads\/2024\/04\/IMG_3721.jpeg\",\"datePublished\":\"2024-04-25T18:56:00+00:00\",\"dateModified\":\"2024-07-04T20:00:16+00:00\",\"breadcrumb\":{\"@id\":\"https:\/\/domkinamazurach.com\/index.php\/atrakcje-w-regionie\/#breadcrumb\"},\"inLanguage\":\"pl-PL\",\"potentialAction\":[{\"@type\":\"ReadAction\",\"target\":[\"https:\/\/domkinamazurach.com\/index.php\/atrakcje-w-regionie\/\"]}]},{\"@type\":\"ImageObject\",\"inLanguage\":\"pl-PL\",\"@id\":\"https:\/\/domkinamazurach.com\/index.php\/atrakcje-w-regionie\/#primaryimage\",\"url\":\"https:\/\/domkinamazurach.com\/wp-content\/uploads\/2024\/04\/IMG_3721.jpeg\",\"contentUrl\":\"https:\/\/domkinamazurach.com\/wp-content\/uploads\/2024\/04\/IMG_3721.jpeg\",\"width\":2048,\"height\":1536},{\"@type\":\"BreadcrumbList\",\"@id\":\"https:\/\/domkinamazurach.com\/index.php\/atrakcje-w-regionie\/#breadcrumb\",\"itemListElement\":[{\"@type\":\"ListItem\",\"position\":1,\"name\":\"Home\",\"item\":\"https:\/\/domkinamazurach.com\/\"},{\"@type\":\"ListItem\",\"position\":2,\"name\":\"Atrakcje w regionie\"}]},{\"@type\":\"WebSite\",\"@id\":\"https:\/\/domkinamazurach.com\/#website\",\"url\":\"https:\/\/domkinamazurach.com\/\",\"name\":\"Domki na Mazurach\",\"description\":\"Domki w miejscowo\u015bci Wyszowate\",\"publisher\":{\"@id\":\"https:\/\/domkinamazurach.com\/#organization\"},\"potentialAction\":[{\"@type\":\"SearchAction\",\"target\":{\"@type\":\"EntryPoint\",\"urlTemplate\":\"https:\/\/domkinamazurach.com\/?s={search_term_string}\"},\"query-input\":\"required name=search_term_string\"}],\"inLanguage\":\"pl-PL\"},{\"@type\":\"Organization\",\"@id\":\"https:\/\/domkinamazurach.com\/#organization\",\"name\":\"Domki na Mazurach\",\"url\":\"https:\/\/domkinamazurach.com\/\",\"logo\":{\"@type\":\"ImageObject\",\"inLanguage\":\"pl-PL\",\"@id\":\"https:\/\/domkinamazurach.com\/#\/schema\/logo\/image\/\",\"url\":\"https:\/\/domkinamazurach.com\/wp-content\/uploads\/2024\/04\/cropped-IMG_2710.jpeg\",\"contentUrl\":\"https:\/\/domkinamazurach.com\/wp-content\/uploads\/2024\/04\/cropped-IMG_2710.jpeg\",\"width\":512,\"height\":512,\"caption\":\"Domki na Mazurach\"},\"image\":{\"@id\":\"https:\/\/domkinamazurach.com\/#\/schema\/logo\/image\/\"}}]}<\/script>\n<!-- \/ Yoast SEO plugin. -->","yoast_head_json":{"title":"Atrakcje w regionie - Domki na Mazurach","robots":{"index":"index","follow":"follow","max-snippet":"max-snippet:-1","max-image-preview":"max-image-preview:large","max-video-preview":"max-video-preview:-1"},"canonical":"https:\/\/domkinamazurach.com\/index.php\/atrakcje-w-regionie\/","og_locale":"pl_PL","og_type":"article","og_title":"Atrakcje w regionie - Domki na Mazurach","og_description":"W pobli\u017cu domk\u00f3w czeka na Pa\u0144stwa wiele atrakcji turystycznych! Twierdza Boyen w Gi\u017cycku Twierdza Boyen to jedna z najwi\u0119kszych atrakcji Gi\u017cycka (r\u00f3wnie\u017c rozmiarem!). To zabytkowy obiekt militarny w kszta\u0142cie gwiazdy, rozci\u0105gaj\u0105cy si\u0119 na powierzchni ok. 100 hektar\u00f3w. Twierdz\u0119 zbudowano w XIX wieku z rozkazu Fryderyka Wilhelma IV, kr\u00f3la Prus, a jej zadaniem mia\u0142a by\u0107 blokada [&hellip;]","og_url":"https:\/\/domkinamazurach.com\/index.php\/atrakcje-w-regionie\/","og_site_name":"Domki na Mazurach","article_modified_time":"2024-07-04T20:00:16+00:00","og_image":[{"width":2048,"height":1536,"url":"https:\/\/domkinamazurach.com\/wp-content\/uploads\/2024\/04\/IMG_3721.jpeg","type":"image\/jpeg"}],"twitter_card":"summary_large_image","twitter_misc":{"Szacowany czas czytania":"3 minuty"},"schema":{"@context":"https:\/\/schema.org","@graph":[{"@type":"WebPage","@id":"https:\/\/domkinamazurach.com\/index.php\/atrakcje-w-regionie\/","url":"https:\/\/domkinamazurach.com\/index.php\/atrakcje-w-regionie\/","name":"Atrakcje w regionie - Domki na Mazurach","isPartOf":{"@id":"https:\/\/domkinamazurach.com\/#website"},"primaryImageOfPage":{"@id":"https:\/\/domkinamazurach.com\/index.php\/atrakcje-w-regionie\/#primaryimage"},"image":{"@id":"https:\/\/domkinamazurach.com\/index.php\/atrakcje-w-regionie\/#primaryimage"},"thumbnailUrl":"https:\/\/domkinamazurach.com\/wp-content\/uploads\/2024\/04\/IMG_3721.jpeg","datePublished":"2024-04-25T18:56:00+00:00","dateModified":"2024-07-04T20:00:16+00:00","breadcrumb":{"@id":"https:\/\/domkinamazurach.com\/index.php\/atrakcje-w-regionie\/#breadcrumb"},"inLanguage":"pl-PL","potentialAction":[{"@type":"ReadAction","target":["https:\/\/domkinamazurach.com\/index.php\/atrakcje-w-regionie\/"]}]},{"@type":"ImageObject","inLanguage":"pl-PL","@id":"https:\/\/domkinamazurach.com\/index.php\/atrakcje-w-regionie\/#primaryimage","url":"https:\/\/domkinamazurach.com\/wp-content\/uploads\/2024\/04\/IMG_3721.jpeg","contentUrl":"https:\/\/domkinamazurach.com\/wp-content\/uploads\/2024\/04\/IMG_3721.jpeg","width":2048,"height":1536},{"@type":"BreadcrumbList","@id":"https:\/\/domkinamazurach.com\/index.php\/atrakcje-w-regionie\/#breadcrumb","itemListElement":[{"@type":"ListItem","position":1,"name":"Home","item":"https:\/\/domkinamazurach.com\/"},{"@type":"ListItem","position":2,"name":"Atrakcje w regionie"}]},{"@type":"WebSite","@id":"https:\/\/domkinamazurach.com\/#website","url":"https:\/\/domkinamazurach.com\/","name":"Domki na Mazurach","description":"Domki w miejscowo\u015bci Wyszowate","publisher":{"@id":"https:\/\/domkinamazurach.com\/#organization"},"potentialAction":[{"@type":"SearchAction","target":{"@type":"EntryPoint","urlTemplate":"https:\/\/domkinamazurach.com\/?s={search_term_string}"},"query-input":"required name=search_term_string"}],"inLanguage":"pl-PL"},{"@type":"Organization","@id":"https:\/\/domkinamazurach.com\/#organization","name":"Domki na Mazurach","url":"https:\/\/domkinamazurach.com\/","logo":{"@type":"ImageObject","inLanguage":"pl-PL","@id":"https:\/\/domkinamazurach.com\/#\/schema\/logo\/image\/","url":"https:\/\/domkinamazurach.com\/wp-content\/uploads\/2024\/04\/cropped-IMG_2710.jpeg","contentUrl":"https:\/\/domkinamazurach.com\/wp-content\/uploads\/2024\/04\/cropped-IMG_2710.jpeg","width":512,"height":512,"caption":"Domki na Mazurach"},"image":{"@id":"https:\/\/domkinamazurach.com\/#\/schema\/logo\/image\/"}}]}},"_links":{"self":[{"href":"https:\/\/domkinamazurach.com\/index.php\/wp-json\/wp\/v2\/pages\/163","targetHints":{"allow":["GET"]}}],"collection":[{"href":"https:\/\/domkinamazurach.com\/index.php\/wp-json\/wp\/v2\/pages"}],"about":[{"href":"https:\/\/domkinamazurach.com\/index.php\/wp-json\/wp\/v2\/types\/page"}],"author":[{"embeddable":true,"href":"https:\/\/domkinamazurach.com\/index.php\/wp-json\/wp\/v2\/users\/1"}],"replies":[{"embeddable":true,"href":"https:\/\/domkinamazurach.com\/index.php\/wp-json\/wp\/v2\/comments?post=163"}],"version-history":[{"count":59,"href":"https:\/\/domkinamazurach.com\/index.php\/wp-json\/wp\/v2\/pages\/163\/revisions"}],"predecessor-version":[{"id":600,"href":"https:\/\/domkinamazurach.com\/index.php\/wp-json\/wp\/v2\/pages\/163\/revisions\/600"}],"wp:featuredmedia":[{"embeddable":true,"href":"https:\/\/domkinamazurach.com\/index.php\/wp-json\/wp\/v2\/media\/56"}],"wp:attachment":[{"href":"https:\/\/domkinamazurach.com\/index.php\/wp-json\/wp\/v2\/media?parent=163"}],"curies":[{"name":"wp","href":"https:\/\/api.w.org\/{rel}","templated":true}]}}